{"id":15753,"date":"2022-05-20T14:54:43","date_gmt":"2022-05-20T12:54:43","guid":{"rendered":"https:\/\/www.camping-puntadoro.com\/appartamento\/regolamento\/"},"modified":"2026-01-14T11:52:58","modified_gmt":"2026-01-14T10:52:58","slug":"campingordnung","status":"publish","type":"page","link":"https:\/\/www.camping-puntadoro.com\/de\/ferienappartement-punta-doro-iseo\/campingordnung\/","title":{"rendered":"Hausordnung"},"content":{"rendered":"\t\t<div data-elementor-type=\"wp-page\" data-elementor-id=\"15753\" class=\"elementor elementor-15753 elementor-14418\">\n\t\t\t\t\t\t<section class=\"elementor-section elementor-top-section elementor-element elementor-element-959dba5 elementor-section-full_width qodef-elementor-content-grid elementor-section-height-default elementor-section-height-default\" data-id=\"959dba5\" data-element_type=\"section\" data-e-type=\"section\">\n\t\t\t\t\t\t<div class=\"elementor-container elementor-column-gap-default\">\n\t\t\t\t\t<div class=\"elementor-column elementor-col-100 elementor-top-column elementor-element elementor-element-32e71cf\" data-id=\"32e71cf\" data-element_type=\"column\" data-e-type=\"column\">\n\t\t\t<div class=\"elementor-widget-wrap elementor-element-populated\">\n\t\t\t\t\t\t<div class=\"elementor-element elementor-element-c2262ec elementor-widget elementor-widget-kamperen_core_section_title\" data-id=\"c2262ec\" data-element_type=\"widget\" data-e-type=\"widget\" data-widget_type=\"kamperen_core_section_title.default\">\n\t\t\t\t<div class=\"elementor-widget-container\">\n\t\t\t\t\t<div class=\"qodef-shortcode qodef-m  qodef-section-title qodef-alignment--center \">\n\t\t<div class=\"qodef-m-tagline-mark\" >\n\t\tFerienwohnung\t<\/div>\n\t\t<h2 class=\"qodef-m-title\" style=\"margin-top: 8px\">\n\t\t\t\t\tHausordnung\t\t\t<\/h2>\n\t\t<p class=\"qodef-m-text\" >Lesen Sie bitte sorgf\u00e4ltig und beachten Sie die folgenden Bestimmungen.<\/p>\n<\/div>\n\t\t\t\t<\/div>\n\t\t\t\t<\/div>\n\t\t\t\t\t<\/div>\n\t\t<\/div>\n\t\t\t\t\t<\/div>\n\t\t<\/section>\n\t\t\t\t<section class=\"elementor-section elementor-top-section elementor-element elementor-element-4b81b5e elementor-section-full_width qodef-elementor-content-grid elementor-section-height-default elementor-section-height-default\" data-id=\"4b81b5e\" data-element_type=\"section\" data-e-type=\"section\">\n\t\t\t\t\t\t<div class=\"elementor-container elementor-column-gap-default\">\n\t\t\t\t\t<div class=\"elementor-column elementor-col-100 elementor-top-column elementor-element elementor-element-1c69ef1\" data-id=\"1c69ef1\" data-element_type=\"column\" data-e-type=\"column\">\n\t\t\t<div class=\"elementor-widget-wrap elementor-element-populated\">\n\t\t\t\t\t\t<div class=\"elementor-element elementor-element-07f3eff elementor-widget elementor-widget-kamperen_core_section_title\" data-id=\"07f3eff\" data-element_type=\"widget\" data-e-type=\"widget\" data-widget_type=\"kamperen_core_section_title.default\">\n\t\t\t\t<div class=\"elementor-widget-container\">\n\t\t\t\t\t<div class=\"qodef-shortcode qodef-m  qodef-section-title qodef-alignment--center \">\n\t\t\t<h3 class=\"qodef-m-title\" style=\"margin-top: 8px\">\n\t\t\t\t\tANKUNFT\/ CHECK-IN\t\t\t<\/h3>\n\t\t<p class=\"qodef-m-text\" >Sofern nicht anders vereinbart und best\u00e4tigt, ierfolgt der Check-in zwischen 15.30 und 20.00 Uhr. Ein sp\u00e4ter Check-in bis Mitternacht ist gegen Aufpreis m\u00f6glich. Bitte informieren Sie uns \u00fcber Ihre Ankunftszeit und auch \u00fcber eventuelle Verz\u00f6gerungen mit einem Anruf unter 0039 030 980084. \n\nBei der Ankunft m\u00fcssen alle Ausweisdokumente (Personalausweis oder Reisepass) f\u00fcr die Registrierung vorgelegt werden, wie es die geltenden Rechtsvorschriften erfordern. Ihre Daten werden in \u00dcbereinstimmung mit den geltenden Datenschutzgesetzen verarbeitet, unsere Richtlinie finden Sie unter der Internetadresse: https:\/\/www.camping-puntadoro.com\/privacy-policy.\n\nEs ist eine Kaution in H\u00f6he von 300 EUR zu hinterlegen, die nach der Kontrolle des Apartments beim Check-out  wieder ausgezahlt wird, wenn es keine Beanstandungen gibt. <\/p>\n<\/div>\n\t\t\t\t<\/div>\n\t\t\t\t<\/div>\n\t\t\t\t<div class=\"elementor-element elementor-element-0cbc4ab elementor-widget elementor-widget-kamperen_core_section_title\" data-id=\"0cbc4ab\" data-element_type=\"widget\" data-e-type=\"widget\" data-widget_type=\"kamperen_core_section_title.default\">\n\t\t\t\t<div class=\"elementor-widget-container\">\n\t\t\t\t\t<div class=\"qodef-shortcode qodef-m  qodef-section-title qodef-alignment--center \">\n\t\t\t<h3 class=\"qodef-m-title\" style=\"margin-top: 8px\">\n\t\t\t\t\tWOHNUNGSSCHL\u00dcSSEL\t\t\t<\/h3>\n\t\t<p class=\"qodef-m-text\" >Die \u00dcbergabe der Schl\u00fcssel erfolgt nach einem Rundgang in der Wohnung, wo sich der Gast vergewissern kann, dass die Wohnung in einwandfreiem Zustand ist und dem Gast auch eine Lste mit dem kompletten Inventar ausgeh\u00e4ndigt wird. Der Gast mu\u00df den sog. Unterkunftsvertrag unterzeichnen und erh\u00e4lt die Schl\u00fcssel. Zu den Wohnungsschl\u00fcsseln geh\u00f6rt auch ein ferngesteuerte  Tor\u00f6ffner, um auf den Parkplatz zu gelangen. \nBitte achtenen Sie sorgf\u00e4ltigst auf Schl\u00fcssel und Tor\u00f6ffner weil bei Verlust Kosten f\u00e4llig werden:\nTor\u00f6ffner 35 EUR. Bei Verlust der Wohnungsschl\u00fcssel m\u00fcssen Schl\u00f6sser ausgetauscht werden, das wird nach anfallenden Kosten berechnet. <\/p>\n<\/div>\n\t\t\t\t<\/div>\n\t\t\t\t<\/div>\n\t\t\t\t\t<\/div>\n\t\t<\/div>\n\t\t\t\t\t<\/div>\n\t\t<\/section>\n\t\t\t\t<section class=\"elementor-section elementor-top-section elementor-element elementor-element-bd42990 elementor-section-full_width qodef-elementor-content-grid elementor-section-height-default elementor-section-height-default\" data-id=\"bd42990\" data-element_type=\"section\" data-e-type=\"section\">\n\t\t\t\t\t\t<div class=\"elementor-container elementor-column-gap-default\">\n\t\t\t\t\t<div class=\"elementor-column elementor-col-100 elementor-top-column elementor-element elementor-element-bde85cb\" data-id=\"bde85cb\" data-element_type=\"column\" data-e-type=\"column\">\n\t\t\t<div class=\"elementor-widget-wrap elementor-element-populated\">\n\t\t\t\t\t\t<div class=\"elementor-element elementor-element-676ce23 elementor-widget elementor-widget-kamperen_core_section_title\" data-id=\"676ce23\" data-element_type=\"widget\" data-e-type=\"widget\" data-widget_type=\"kamperen_core_section_title.default\">\n\t\t\t\t<div class=\"elementor-widget-container\">\n\t\t\t\t\t<div class=\"qodef-shortcode qodef-m  qodef-section-title qodef-alignment--center \">\n\t\t\t<h3 class=\"qodef-m-title\" style=\"margin-top: 8px\">\n\t\t\t\t\tABREISE \/ CHECK - OUT\t\t\t<\/h3>\n\t\t<p class=\"qodef-m-text\" >Das Apartment muss am Abreisetag bis 11.00 Uhr \u00fcberegeben werden. \n\nVor Ihrer Abreise ist es notwendig: - alle Abf\u00e4lle in die entsprechenden Beh\u00e4lter auf der Terrasse zu entsorgen; - den K\u00fchlschrank zu leeren und zu s\u00e4ubern - die K\u00fcche ordentlich und sauber zu verlassen - das Licht der gesamten Wohnung und die Klimaanlage auszuschalten - alle Fenster und T\u00fcren zu schlie\u00dfen - Schl\u00fcssel und Tor\u00f6ffner zu \u00fcbergeben - eventuelle St\u00f6rungen zu melden.<\/p>\n<\/div>\n\t\t\t\t<\/div>\n\t\t\t\t<\/div>\n\t\t\t\t<div class=\"elementor-element elementor-element-18ad2e3 elementor-widget elementor-widget-kamperen_core_section_title\" data-id=\"18ad2e3\" data-element_type=\"widget\" data-e-type=\"widget\" data-widget_type=\"kamperen_core_section_title.default\">\n\t\t\t\t<div class=\"elementor-widget-container\">\n\t\t\t\t\t<div class=\"qodef-shortcode qodef-m  qodef-section-title qodef-alignment--center \">\n\t\t\t<h3 class=\"qodef-m-title\" style=\"margin-top: 8px\">\n\t\t\t\t\tKORREKTES BENUTZEN DER FERIENWOHNUNG\t\t\t<\/h3>\n\t\t<p class=\"qodef-m-text\" >Die Wohnung wird sauber und in gutem Zustand \u00fcbergeben. Bitte informieren Sie uns am Check-in-Tag, falls etwas unsere Aufmerksamkeit erfordern sollte.\n\nBitte die K\u00fcche sauber und aufger\u00e4umt hinterlassen und nur sauberes Geschirr, Besteck und Kochutensilien in die Schr\u00e4nke r\u00e4umen. Die Endreinigung umfasst keine benutzten K\u00fcchenutensilien.\n\nZur Sicherheit achten Sie bitte darauf, dass alle Ger\u00e4te ausgeschaltet und T\u00fcren sowie Fenster geschlossen sind. Bitte hinterlassen Sie die Wohnung in geordnetem Zustand und entsorgen Sie den M\u00fcll in den Beh\u00e4ltern auf der Terrasse. Ein Mitarbeiter wird am Abreisetag den Zustand der Wohnung pr\u00fcfen.<\/p>\n<\/div>\n\t\t\t\t<\/div>\n\t\t\t\t<\/div>\n\t\t\t\t<div class=\"elementor-element elementor-element-ba18d73 elementor-widget elementor-widget-kamperen_core_section_title\" data-id=\"ba18d73\" data-element_type=\"widget\" data-e-type=\"widget\" data-widget_type=\"kamperen_core_section_title.default\">\n\t\t\t\t<div class=\"elementor-widget-container\">\n\t\t\t\t\t<div class=\"qodef-shortcode qodef-m  qodef-section-title qodef-alignment--center \">\n\t\t\t<h3 class=\"qodef-m-title\" style=\"margin-top: 8px\">\n\t\t\t\t\tNUTZUNG DES GARTENS\t\t\t<\/h3>\n\t\t<p class=\"qodef-m-text\" >Wir bitten unsere G\u00e4ste, den Garten mit Respekt f\u00fcr der Natur, das Anwesen und den Nachbarn zu nutzen.\nDer Vorgarten ist zum Relaxen gedacht; Ballspiele sind nicht erlaubt, um Rasen und Pflanzen zu schonen.\nDer hintere Garten kann von Kindern unter Aufsicht zum Spielen von 09:00 bis 12:30 und von 15:30 bis 20:00 genutzt werden. \nDie Direktion \u00fcbernimmt keine Verantwortung f\u00fcr Unf\u00e4lle w\u00e4hrend der Gartennutzung.<\/p>\n<\/div>\n\t\t\t\t<\/div>\n\t\t\t\t<\/div>\n\t\t\t\t\t<\/div>\n\t\t<\/div>\n\t\t\t\t\t<\/div>\n\t\t<\/section>\n\t\t\t\t<section class=\"elementor-section elementor-top-section elementor-element elementor-element-b2ac973 elementor-section-full_width qodef-elementor-content-grid elementor-section-height-default elementor-section-height-default\" data-id=\"b2ac973\" data-element_type=\"section\" data-e-type=\"section\">\n\t\t\t\t\t\t<div class=\"elementor-container elementor-column-gap-default\">\n\t\t\t\t\t<div class=\"elementor-column elementor-col-100 elementor-top-column elementor-element elementor-element-bcd2a47\" data-id=\"bcd2a47\" data-element_type=\"column\" data-e-type=\"column\">\n\t\t\t<div class=\"elementor-widget-wrap elementor-element-populated\">\n\t\t\t\t\t\t<div class=\"elementor-element elementor-element-cac5e98 elementor-widget elementor-widget-kamperen_core_section_title\" data-id=\"cac5e98\" data-element_type=\"widget\" data-e-type=\"widget\" data-widget_type=\"kamperen_core_section_title.default\">\n\t\t\t\t<div class=\"elementor-widget-container\">\n\t\t\t\t\t<div class=\"qodef-shortcode qodef-m  qodef-section-title qodef-alignment--center \">\n\t\t\t<h3 class=\"qodef-m-title\" style=\"margin-top: 8px\">\n\t\t\t\t\tBESUCHER\t\t\t<\/h3>\n\t\t<p class=\"qodef-m-text\" >Der Zugang zur Wohnung, zum Garten und zum Strand ist nur f\u00fcr registrierte Personen reserviert. Besucher sind nicht gestattet. <\/p>\n<\/div>\n\t\t\t\t<\/div>\n\t\t\t\t<\/div>\n\t\t\t\t\t<\/div>\n\t\t<\/div>\n\t\t\t\t\t<\/div>\n\t\t<\/section>\n\t\t\t\t<section class=\"elementor-section elementor-top-section elementor-element elementor-element-0b63a88 elementor-section-full_width qodef-elementor-content-grid elementor-section-height-default elementor-section-height-default\" data-id=\"0b63a88\" data-element_type=\"section\" data-e-type=\"section\">\n\t\t\t\t\t\t<div class=\"elementor-container elementor-column-gap-default\">\n\t\t\t\t\t<div class=\"elementor-column elementor-col-100 elementor-top-column elementor-element elementor-element-45dd693\" data-id=\"45dd693\" data-element_type=\"column\" data-e-type=\"column\">\n\t\t\t<div class=\"elementor-widget-wrap elementor-element-populated\">\n\t\t\t\t\t\t<div class=\"elementor-element elementor-element-9f46285 elementor-widget elementor-widget-kamperen_core_section_title\" data-id=\"9f46285\" data-element_type=\"widget\" data-e-type=\"widget\" data-widget_type=\"kamperen_core_section_title.default\">\n\t\t\t\t<div class=\"elementor-widget-container\">\n\t\t\t\t\t<div class=\"qodef-shortcode qodef-m  qodef-section-title qodef-alignment--center \">\n\t\t\t<h3 class=\"qodef-m-title\" style=\"margin-top: 8px\">\n\t\t\t\t\tNACHTRUHE\t\t\t<\/h3>\n\t\t<p class=\"qodef-m-text\" >Von 23 h bis 7 h morgens ist Nachtruhe einzuhalten.<\/p>\n<\/div>\n\t\t\t\t<\/div>\n\t\t\t\t<\/div>\n\t\t\t\t\t<\/div>\n\t\t<\/div>\n\t\t\t\t\t<\/div>\n\t\t<\/section>\n\t\t\t\t<section class=\"elementor-section elementor-top-section elementor-element elementor-element-e1d27a2 elementor-section-full_width qodef-elementor-content-grid elementor-section-height-default elementor-section-height-default\" data-id=\"e1d27a2\" data-element_type=\"section\" data-e-type=\"section\">\n\t\t\t\t\t\t<div class=\"elementor-container elementor-column-gap-default\">\n\t\t\t\t\t<div class=\"elementor-column elementor-col-100 elementor-top-column elementor-element elementor-element-bec1a14\" data-id=\"bec1a14\" data-element_type=\"column\" data-e-type=\"column\">\n\t\t\t<div class=\"elementor-widget-wrap elementor-element-populated\">\n\t\t\t\t\t\t<div class=\"elementor-element elementor-element-da37ed0 elementor-widget elementor-widget-kamperen_core_section_title\" data-id=\"da37ed0\" data-element_type=\"widget\" data-e-type=\"widget\" data-widget_type=\"kamperen_core_section_title.default\">\n\t\t\t\t<div class=\"elementor-widget-container\">\n\t\t\t\t\t<div class=\"qodef-shortcode qodef-m  qodef-section-title qodef-alignment--center \">\n\t\t<div class=\"qodef-m-tagline-mark\" >\n\t\tVerbote\t<\/div>\n\t\t<h3 class=\"qodef-m-title\" style=\"margin-top: 8px\">\n\t\t\t\t\tES IST NICHT ERLAUBT: \t\t\t<\/h3>\n\t<\/div>\n\t\t\t\t<\/div>\n\t\t\t\t<\/div>\n\t\t\t\t<div class=\"elementor-element elementor-element-8a1d30d elementor-widget elementor-widget-text-editor\" data-id=\"8a1d30d\" data-element_type=\"widget\" data-e-type=\"widget\" data-widget_type=\"text-editor.default\">\n\t\t\t\t<div class=\"elementor-widget-container\">\n\t\t\t\t\t\t\t\t\t<p>&#8211; in der Wohnung zu rauchen &#8211; jegliche Art von Tieren &#8211; K\u00fcchenger\u00e4te f\u00fcr die Zubereitung von Mahlzeiten\u00a0 (Ofen, Grills und dergleichen) in die Wohnung zu bringen (wenn Sie Ihre Kaffeemaschine mitbringen m\u00f6chten informieren Sie uns bitte vorher) &#8211; die Position der M\u00f6bel zu \u00e4ndern &#8211; den Kamin im Wohnzimmer zu benutzen &#8211; den gemauerten Grillkamin auf der Terrasse zu benutzen &#8211; der WEBER Grill auf R\u00e4dern ist nur im Freien zu benutzen, nicht direkt auf der Terasse oder auf dem Weg &#8211; Besucher zu empfangen, weder im Apartment, im Garten noch am Strand bzw. auf dem Campingplatz<\/p>\t\t\t\t\t\t\t\t<\/div>\n\t\t\t\t<\/div>\n\t\t\t\t\t<\/div>\n\t\t<\/div>\n\t\t\t\t\t<\/div>\n\t\t<\/section>\n\t\t\t\t<section class=\"elementor-section elementor-top-section elementor-element elementor-element-500d1c0 elementor-section-full_width qodef-elementor-content-grid elementor-section-height-default elementor-section-height-default\" data-id=\"500d1c0\" data-element_type=\"section\" data-e-type=\"section\">\n\t\t\t\t\t\t<div class=\"elementor-container elementor-column-gap-default\">\n\t\t\t\t\t<div class=\"elementor-column elementor-col-100 elementor-top-column elementor-element elementor-element-541dc11\" data-id=\"541dc11\" data-element_type=\"column\" data-e-type=\"column\">\n\t\t\t<div class=\"elementor-widget-wrap elementor-element-populated\">\n\t\t\t\t\t\t<div class=\"elementor-element elementor-element-34a0026 elementor-widget elementor-widget-kamperen_core_section_title\" data-id=\"34a0026\" data-element_type=\"widget\" data-e-type=\"widget\" data-widget_type=\"kamperen_core_section_title.default\">\n\t\t\t\t<div class=\"elementor-widget-container\">\n\t\t\t\t\t<div class=\"qodef-shortcode qodef-m  qodef-section-title qodef-alignment--center \">\n\t\t\t<h3 class=\"qodef-m-title\" style=\"margin-top: 8px\">\n\t\t\t\t\tPRIVATPARKPLATZ\t\t\t<\/h3>\n\t\t<p class=\"qodef-m-text\" >Hinsichtlich des Abstellens von Autos auf dem Privatgel\u00e4nde gilt dass die Direktion nicht verantwortlich gemacht werden kann f\u00fcr  Diebstahl oder Besch\u00e4digungen, und sie \u00fcbernimmt in diesen F\u00e4llen keine Haftung.<\/p>\n<\/div>\n\t\t\t\t<\/div>\n\t\t\t\t<\/div>\n\t\t\t\t\t<\/div>\n\t\t<\/div>\n\t\t\t\t\t<\/div>\n\t\t<\/section>\n\t\t\t\t<section class=\"elementor-section elementor-top-section elementor-element elementor-element-d8f832d elementor-section-full_width qodef-elementor-content-grid elementor-section-height-default elementor-section-height-default\" data-id=\"d8f832d\" data-element_type=\"section\" data-e-type=\"section\">\n\t\t\t\t\t\t<div class=\"elementor-container elementor-column-gap-default\">\n\t\t\t\t\t<div class=\"elementor-column elementor-col-100 elementor-top-column elementor-element elementor-element-732db22\" data-id=\"732db22\" data-element_type=\"column\" data-e-type=\"column\">\n\t\t\t<div class=\"elementor-widget-wrap elementor-element-populated\">\n\t\t\t\t\t\t<div class=\"elementor-element elementor-element-c96d20c elementor-widget elementor-widget-kamperen_core_section_title\" data-id=\"c96d20c\" data-element_type=\"widget\" data-e-type=\"widget\" data-widget_type=\"kamperen_core_section_title.default\">\n\t\t\t\t<div class=\"elementor-widget-container\">\n\t\t\t\t\t<div class=\"qodef-shortcode qodef-m  qodef-section-title qodef-alignment--center \">\n\t\t\t<h3 class=\"qodef-m-title\" style=\"margin-top: 8px\">\n\t\t\t\t\tBEANSTANDUNGEN\t\t\t<\/h3>\n\t\t<p class=\"qodef-m-text\" >Wenn ein Problem auftritt oder Sie etwas zu beanstanden haben, wenden Sie sich bitte umgehend an die Direktion bzw. an einen Mitarbeiter, die Telefonnummern finden Sie im Apartment vor. <\/p>\n<\/div>\n\t\t\t\t<\/div>\n\t\t\t\t<\/div>\n\t\t\t\t\t<\/div>\n\t\t<\/div>\n\t\t\t\t\t<\/div>\n\t\t<\/section>\n\t\t\t\t<section class=\"elementor-section elementor-top-section elementor-element elementor-element-60d3c5d elementor-section-full_width qodef-elementor-content-grid elementor-section-height-default elementor-section-height-default\" data-id=\"60d3c5d\" data-element_type=\"section\" data-e-type=\"section\">\n\t\t\t\t\t\t<div class=\"elementor-container elementor-column-gap-default\">\n\t\t\t\t\t<div class=\"elementor-column elementor-col-100 elementor-top-column elementor-element elementor-element-1d43ea7\" data-id=\"1d43ea7\" data-element_type=\"column\" data-e-type=\"column\">\n\t\t\t<div class=\"elementor-widget-wrap elementor-element-populated\">\n\t\t\t\t\t\t<div class=\"elementor-element elementor-element-beba2b8 elementor-widget elementor-widget-kamperen_core_section_title\" data-id=\"beba2b8\" data-element_type=\"widget\" data-e-type=\"widget\" data-widget_type=\"kamperen_core_section_title.default\">\n\t\t\t\t<div class=\"elementor-widget-container\">\n\t\t\t\t\t<div class=\"qodef-shortcode qodef-m  qodef-section-title qodef-alignment--center \">\n\t\t\t<h3 class=\"qodef-m-title\" style=\"margin-top: 8px\">\n\t\t\t\t\tM\u00dcLLENTSORGUNG\t\t\t<\/h3>\n\t\t<p class=\"qodef-m-text\" >Der M\u00fcll mu\u00df sorgf\u00e4ltig getrennt werden in \n- Bioabfall, -  Glas, Aluminium  und Metall, - Papier,  - Kunststoff und Restm\u00fcll. Die M\u00fcllbeh\u00e4lter befinden sich auf der Terrase auf der linken Seite des Hauses.<\/p>\n<\/div>\n\t\t\t\t<\/div>\n\t\t\t\t<\/div>\n\t\t\t\t\t<\/div>\n\t\t<\/div>\n\t\t\t\t\t<\/div>\n\t\t<\/section>\n\t\t\t\t<section class=\"elementor-section elementor-top-section elementor-element elementor-element-16b7760 elementor-section-full_width qodef-elementor-content-grid elementor-section-height-default elementor-section-height-default\" data-id=\"16b7760\" data-element_type=\"section\" data-e-type=\"section\">\n\t\t\t\t\t\t<div class=\"elementor-container elementor-column-gap-default\">\n\t\t\t\t\t<div class=\"elementor-column elementor-col-100 elementor-top-column elementor-element elementor-element-c0ebccf\" data-id=\"c0ebccf\" data-element_type=\"column\" data-e-type=\"column\">\n\t\t\t<div class=\"elementor-widget-wrap elementor-element-populated\">\n\t\t\t\t\t\t<div class=\"elementor-element elementor-element-1fcfe39 elementor-widget elementor-widget-kamperen_core_section_title\" data-id=\"1fcfe39\" data-element_type=\"widget\" data-e-type=\"widget\" data-widget_type=\"kamperen_core_section_title.default\">\n\t\t\t\t<div class=\"elementor-widget-container\">\n\t\t\t\t\t<div class=\"qodef-shortcode qodef-m  qodef-section-title qodef-alignment--center \">\n\t\t\t<h3 class=\"qodef-m-title\" style=\"margin-top: 8px\">\n\t\t\t\t\tHAFTUNG (DIREKTION)\t\t\t<\/h3>\n\t\t<p class=\"qodef-m-text\" >Die Direktion haftet nicht f\u00fcr Verluste, Besch\u00e4digungen und Diebst\u00e4hle. Die Direktion haftet nicht Sch\u00e4den, die nicht in ihrer direkten Verantwortung liegen, wie beispielsweise Naturkatastrophen, zuf\u00e4llige Ereignisse, Feuer, Diebstahl usw.\n\nJeder Gast badet im See auf eigene Gefahr, es gibt keine Badeaufsicht. Die Direktion kann nicht f\u00fcr Sch\u00e4den haftbar gemacht werden, die beim Baden verursacht werden.\n<\/p>\n<\/div>\n\t\t\t\t<\/div>\n\t\t\t\t<\/div>\n\t\t\t\t<div class=\"elementor-element elementor-element-df98252 elementor-widget elementor-widget-kamperen_core_section_title\" data-id=\"df98252\" data-element_type=\"widget\" data-e-type=\"widget\" data-widget_type=\"kamperen_core_section_title.default\">\n\t\t\t\t<div class=\"elementor-widget-container\">\n\t\t\t\t\t<div class=\"qodef-shortcode qodef-m  qodef-section-title qodef-alignment--center \">\n\t\t\t<h3 class=\"qodef-m-title\" style=\"margin-top: 8px\">\n\t\t\t\t\tHAFTUNG (GAST)\t\t\t<\/h3>\n\t\t<p class=\"qodef-m-text\" >\nJeder Gast ist f\u00fcr sein eigenes Verhalten in der Wohnung und auf dem Campingplatz bzw. Strand verantwortlich. Bei Unf\u00e4llen, die Sie verursacht haben haben, sind Sie schadensersatzpflichtig. Wenn der Schadensbetrag die gezahlte Kaution \u00fcbersteigt, m\u00fcssen Sie die vollst\u00e4ndige R\u00fcckerstattung des Schadensbetrages leisten.<\/p>\n<\/div>\n\t\t\t\t<\/div>\n\t\t\t\t<\/div>\n\t\t\t\t\t<\/div>\n\t\t<\/div>\n\t\t\t\t\t<\/div>\n\t\t<\/section>\n\t\t\t\t<section class=\"elementor-section elementor-top-section elementor-element elementor-element-009d5fe elementor-section-full_width qodef-elementor-content-grid elementor-section-height-default elementor-section-height-default\" data-id=\"009d5fe\" data-element_type=\"section\" data-e-type=\"section\">\n\t\t\t\t\t\t<div class=\"elementor-container elementor-column-gap-default\">\n\t\t\t\t\t<div class=\"elementor-column elementor-col-100 elementor-top-column elementor-element elementor-element-ddc6899\" data-id=\"ddc6899\" data-element_type=\"column\" data-e-type=\"column\">\n\t\t\t<div class=\"elementor-widget-wrap elementor-element-populated\">\n\t\t\t\t\t\t<div class=\"elementor-element elementor-element-b12d24d elementor-widget elementor-widget-kamperen_core_section_title\" data-id=\"b12d24d\" data-element_type=\"widget\" data-e-type=\"widget\" data-widget_type=\"kamperen_core_section_title.default\">\n\t\t\t\t<div class=\"elementor-widget-container\">\n\t\t\t\t\t<div class=\"qodef-shortcode qodef-m  qodef-section-title qodef-alignment--center \">\n\t\t\t<h3 class=\"qodef-m-title\" style=\"margin-top: 8px\">\n\t\t\t\t\tAUSWEISUNG AUS DER WOHNUNG\t\t\t<\/h3>\n\t\t<p class=\"qodef-m-text\" >Die Direktion beh\u00e4lt sich das Recht vor, diejenigen G\u00e4ste, die gegen die Hausordnung oder grob gegen allgemeine Anstandsregeln versto\u00dfen, ohne R\u00fcckerstattung der schon geleistetetn Zahlungen  auszuweisen. <\/p>\n<\/div>\n\t\t\t\t<\/div>\n\t\t\t\t<\/div>\n\t\t\t\t\t<\/div>\n\t\t<\/div>\n\t\t\t\t\t<\/div>\n\t\t<\/section>\n\t\t\t\t<section class=\"elementor-section elementor-top-section elementor-element elementor-element-53ed4c6 elementor-section-full_width qodef-elementor-content-grid elementor-section-height-default elementor-section-height-default\" data-id=\"53ed4c6\" data-element_type=\"section\" data-e-type=\"section\">\n\t\t\t\t\t\t<div class=\"elementor-container elementor-column-gap-default\">\n\t\t\t\t\t<div class=\"elementor-column elementor-col-100 elementor-top-column elementor-element elementor-element-907fcc2\" data-id=\"907fcc2\" data-element_type=\"column\" data-e-type=\"column\">\n\t\t\t<div class=\"elementor-widget-wrap elementor-element-populated\">\n\t\t\t\t\t\t<div class=\"elementor-element elementor-element-f2f62a6 elementor-widget elementor-widget-kamperen_core_section_title\" data-id=\"f2f62a6\" data-element_type=\"widget\" data-e-type=\"widget\" data-widget_type=\"kamperen_core_section_title.default\">\n\t\t\t\t<div class=\"elementor-widget-container\">\n\t\t\t\t\t<div class=\"qodef-shortcode qodef-m  qodef-section-title qodef-alignment--center \">\n\t\t\t<h3 class=\"qodef-m-title\" style=\"margin-top: 8px\">\n\t\t\t\t\tBOOTE UND BOJEN\t\t\t<\/h3>\n\t\t<p class=\"qodef-m-text\" >Wir akzeptieren nur Boote unter einem Gewicht von 1,2 t. In der Zone A (Bojenfeld) d\u00fcrfen nur von der Direktion genehmigte Boote festgemacht werden. Der Tausch von Bojen ist untersagt. An jede Boje kann nur ein Boot angeh\u00e4ngt werden. Wer auf die Boje verzichten will, muss vorher die Direktion informieren. Die Direktion hat das Recht, die Nummer der zugewiesenen Bojen aufgrund schlechter Wetterbedingungen oder aus Sicherheitsgr\u00fcnden zu \u00e4ndern. Die Preise f\u00fcr den Verleih der Bojen sind Teil der Preisliste f\u00fcr den Campingplatz, sie werden pro Nacht berechnet. Die Boote m\u00fcssen mit angemessenen Leinen festgemacht sein, deren Effizienz in der Verantwortung des Bootsbesitzers liegt. Verursacht ein Boot einen Schaden jeglicher Art (Personen- oder Sachschaden) ist der Bootsbesitzer f\u00fcr den Schaden verantwortlich und muss daf\u00fcr haften. Die Direktion ist nicht f\u00fcr Diebst\u00e4hle von Booten oder Bootseigentum verantwortlich. Es ist gesetzlich verboten, eigene oder improvisierte Bojen im Wasser zu platzieren. Das Festmachen der Boote ohne Boje ist nur mit Anker m\u00f6glich, au\u00dferhalb der Zonen A und B.\n\nNavigationsregeln auf dem Iseosee:\n\nDer Bootsbesitzer muss daf\u00fcr Sorge tragen, dass G\u00e4ste und Familienmitglieder die Nutzungs- und Navigationsregeln beachten. Ablege- und Anlegeman\u00f6ver m\u00fcssen immer im rechten Winkel zur K\u00fcste (bis 100 m auf See) und mit sehr geringer Geschwindigkeit (mit eingelegtem Gang) ausgef\u00fchrt werden. Das Anlegen ist nur auf der rechten oder linken Seite der Zone B erlaubt. In der Zone B (Badezone) ist weder die Durchfahrt noch das Anlegen eines Bootes erlaubt, auch nicht f\u00fcr kurze Zeit. Zone B ist ausschlie\u00dflich dem Baden vorbehalten. Motoren m\u00fcssen bei Stillstand abgeschaltet werden. F\u00fcr die Aus\u00fcbung von Wasserski ist ein Bootsf\u00fchrerschein erforderlich. Das Ziehen von Schlauchbooten ist verboten.\n\nDie auf dem See geltende Schiffahrtsordnung muss von allen Bootsfahrern eingehalten werden. Benutzer, die gegen diese Nutzungs- und Navigationsbestimmungen versto\u00dfen, werden nach Ermessen der Direktion vom Campingplatz verwiesen.\n<\/p>\n<\/div>\n\t\t\t\t<\/div>\n\t\t\t\t<\/div>\n\t\t\t\t<div class=\"elementor-element elementor-element-9bdf1d8 elementor-widget elementor-widget-image\" data-id=\"9bdf1d8\" data-element_type=\"widget\" data-e-type=\"widget\" data-widget_type=\"image.default\">\n\t\t\t\t<div class=\"elementor-widget-container\">\n\t\t\t\t\t\t\t\t\t\t\t\t\t\t\t<img fetchpriority=\"high\" decoding=\"async\" width=\"768\" height=\"371\" src=\"https:\/\/www.camping-puntadoro.com\/wp-content\/uploads\/2022\/02\/camping-punta-doro-map-boe-768x371.jpg\" class=\"attachment-medium_large size-medium_large wp-image-9623\" alt=\"\" srcset=\"https:\/\/www.camping-puntadoro.com\/wp-content\/uploads\/2022\/02\/camping-punta-doro-map-boe-768x371.jpg 768w, https:\/\/www.camping-puntadoro.com\/wp-content\/uploads\/2022\/02\/camping-punta-doro-map-boe-300x145.jpg 300w, https:\/\/www.camping-puntadoro.com\/wp-content\/uploads\/2022\/02\/camping-punta-doro-map-boe-1024x495.jpg 1024w, https:\/\/www.camping-puntadoro.com\/wp-content\/uploads\/2022\/02\/camping-punta-doro-map-boe-1536x742.jpg 1536w, https:\/\/www.camping-puntadoro.com\/wp-content\/uploads\/2022\/02\/camping-punta-doro-map-boe-2048x989.jpg 2048w\" sizes=\"(max-width: 768px) 100vw, 768px\" \/>\t\t\t\t\t\t\t\t\t\t\t\t\t\t\t<\/div>\n\t\t\t\t<\/div>\n\t\t\t\t\t<\/div>\n\t\t<\/div>\n\t\t\t\t\t<\/div>\n\t\t<\/section>\n\t\t\t\t<\/div>\n\t\t","protected":false},"excerpt":{"rendered":"<p>Ferienwohnung Hausordnung Lesen Sie bitte sorgf\u00e4ltig und beachten Sie die folgenden Bestimmungen. ANKUNFT\/ CHECK-IN Sofern nicht anders vereinbart und best\u00e4tigt, ierfolgt der Check-in zwischen 15.30 und 20.00 Uhr. Ein sp\u00e4ter Check-in bis Mitternacht ist gegen Aufpreis m\u00f6glich. Bitte informieren Sie uns \u00fcber Ihre Ankunftszeit und auch \u00fcber eventuelle Verz\u00f6gerungen mit einem Anruf unter 0039 030 [&hellip;]<\/p>\n","protected":false},"author":1,"featured_media":0,"parent":15664,"menu_order":0,"comment_status":"closed","ping_status":"closed","template":"","meta":{"_acf_changed":false,"footnotes":""},"class_list":["post-15753","page","type-page","status-publish","hentry"],"acf":[],"_links":{"self":[{"href":"https:\/\/www.camping-puntadoro.com\/de\/wp-json\/wp\/v2\/pages\/15753","targetHints":{"allow":["GET"]}}],"collection":[{"href":"https:\/\/www.camping-puntadoro.com\/de\/wp-json\/wp\/v2\/pages"}],"about":[{"href":"https:\/\/www.camping-puntadoro.com\/de\/wp-json\/wp\/v2\/types\/page"}],"author":[{"embeddable":true,"href":"https:\/\/www.camping-puntadoro.com\/de\/wp-json\/wp\/v2\/users\/1"}],"replies":[{"embeddable":true,"href":"https:\/\/www.camping-puntadoro.com\/de\/wp-json\/wp\/v2\/comments?post=15753"}],"version-history":[{"count":5,"href":"https:\/\/www.camping-puntadoro.com\/de\/wp-json\/wp\/v2\/pages\/15753\/revisions"}],"predecessor-version":[{"id":23360,"href":"https:\/\/www.camping-puntadoro.com\/de\/wp-json\/wp\/v2\/pages\/15753\/revisions\/23360"}],"up":[{"embeddable":true,"href":"https:\/\/www.camping-puntadoro.com\/de\/wp-json\/wp\/v2\/pages\/15664"}],"wp:attachment":[{"href":"https:\/\/www.camping-puntadoro.com\/de\/wp-json\/wp\/v2\/media?parent=15753"}],"curies":[{"name":"wp","href":"https:\/\/api.w.org\/{rel}","templated":true}]}}